{"id":11605,"date":"2020-11-14T13:30:25","date_gmt":"2020-11-14T12:30:25","guid":{"rendered":"https:\/\/babywellnessfoundation.org\/?post_type=segreti-nanna&#038;p=11605"},"modified":"2023-06-06T14:55:07","modified_gmt":"2023-06-06T13:55:07","slug":"capitulo-5-el-lugar-en-el-que-el-bebe-duerme","status":"publish","type":"segreti-nanna","link":"https:\/\/babywellnessfoundation.org\/es\/segreti-nanna\/capitulo-5-el-lugar-en-el-que-el-bebe-duerme\/","title":{"rendered":"Cap\u00ectulo 5 &#8211; El lugar en el que el beb\u00e9 duerme"},"content":{"rendered":"<p>Aunque, en los primeros meses, el peque\u00f1o duerma en la misma habitaci\u00f3n con los pap\u00e1s, es bueno e importante empezar a pensar en su propia habitaci\u00f3n. Identificar y definir un espacio c\u00e1lido, bonito y seguro para dedicar al ni\u00f1o es un recorrido mental y emocional que ayuda a los futuros pap\u00e1s a abrirse y a acogerle de la mejor manera.<\/p>\n<p>Lo primero que hay que hacer es analizar la disposici\u00f3n de la casa. Lo ideal es poder tener la habitaci\u00f3n del beb\u00e9 junto a la de los pap\u00e1s, para reducir la distancia que se tenga que recorrer por las noches, as\u00ed como que no est\u00e9 muy lejos del cuarto de ba\u00f1o, para facilitar los momentos del cambio de pa\u00f1al y el ba\u00f1o del beb\u00e9. Adem\u00e1s, si es posible, hay que tener en cuenta la entrada de luz y la tranquilidad. Lo mejor es optar por una habitaci\u00f3n luminosa y alejada de la calle o de las escaleras. Una vez decidido el espacio, toca pensar en los colores que van a predominar, sobre todo en los de las paredes, ya que algunas tonalidades son tranquilizantes, mientras que otras, todo lo contrario. Lo principal es que la habitaci\u00f3n del beb\u00e9 se transforme en un lugar de bienestar. (17)<em>.<\/em><\/p>\n<p>Seg\u00fan el <em><strong>feng shui,<\/strong><\/em> antigua disciplina china que estudia los flujos energ\u00e9ticos del espacio que nos rodea, con el fin de mejorar la calidad de vida, el azul transmite serenidad, ayuda a concentrarse y difunde energ\u00eda positiva. El amarillo es el color de la luz y, por lo tanto, de la salud y el bienestar. El naranja transmite energ\u00eda, mientras que el rojo es el color de la fortuna. Otros colores tienen significados diferentes: por ejemplo, el rosa es tranquilizante; el verde es el color del equilibrio f\u00edsico y mental; y el violeta, el del buen humor. Para conseguir un espacio que sea al mismo tiempo fuente de energ\u00eda y bienestar, el feng shui aconseja elegir los colores en funci\u00f3n de la \u00e9poca en la que el beb\u00e9 haya nacido, para equilibrar los factores Yin y Yang presentes en cada uno de forma distinta: blanco, azul y crema para los beb\u00e9s nacidos en primavera o verano; verde, rosa y amarillo, para los nacidos en oto\u00f1o o invierno.<\/p>\n<p><img fetchpriority=\"high\" decoding=\"async\" class=\"size-full wp-image-4731\" src=\"https:\/\/babywellnessfoundation.org\/wp-content\/uploads\/2020\/11\/5_luoghi-nanna-2.jpg\" alt=\"\" width=\"1000\" height=\"667\" srcset=\"https:\/\/babywellnessfoundation.org\/wp-content\/uploads\/2020\/11\/5_luoghi-nanna-2.jpg 1000w, https:\/\/babywellnessfoundation.org\/wp-content\/uploads\/2020\/11\/5_luoghi-nanna-2-300x200.jpg 300w, https:\/\/babywellnessfoundation.org\/wp-content\/uploads\/2020\/11\/5_luoghi-nanna-2-768x512.jpg 768w, https:\/\/babywellnessfoundation.org\/wp-content\/uploads\/2020\/11\/5_luoghi-nanna-2-100x67.jpg 100w, https:\/\/babywellnessfoundation.org\/wp-content\/uploads\/2020\/11\/5_luoghi-nanna-2-120x80.jpg 120w\" sizes=\"(max-width: 1000px) 100vw, 1000px\" \/><\/p>\n<p>Lo que debe elegirse cuidadosamente es la pintura de las paredes, que debe tener un coeficiente COV (que indica el porcentaje de Compuestos Org\u00e1nicos Vol\u00e1tiles) bajo, dando preferencia a las pinturas ecol\u00f3gicas a base de agua. En el mercado, tambi\u00e9n se pueden encontrar pinturas \u201canticontaminaci\u00f3n\u201d, por decirlo as\u00ed, y antibacterias, capaces de reducir la contaminaci\u00f3n interior porque eliminan las sustancias da\u00f1inas presentes en el aire, como moho, bacterias y esporas, logrando un ambiente m\u00e1s saludable en el tiempo.<\/p>\n\t\t<div data-elementor-type=\"section\" data-elementor-id=\"11488\" class=\"elementor elementor-11488 elementor-3769\" data-elementor-post-type=\"elementor_library\">\n\t\t\t\t\t<section class=\"elementor-section elementor-top-section elementor-element elementor-element-5d0203b elementor-section-boxed elementor-section-height-default elementor-section-height-default\" data-id=\"5d0203b\" data-element_type=\"section\" data-settings=\"{&quot;jet_parallax_layout_list&quot;:[{&quot;jet_parallax_layout_image&quot;:{&quot;url&quot;:&quot;&quot;,&quot;id&quot;:&quot;&quot;,&quot;size&quot;:&quot;&quot;},&quot;_id&quot;:&quot;7466265&quot;,&quot;jet_parallax_layout_image_tablet&quot;:{&quot;url&quot;:&quot;&quot;,&quot;id&quot;:&quot;&quot;,&quot;size&quot;:&quot;&quot;},&quot;jet_parallax_layout_image_mobile&quot;:{&quot;url&quot;:&quot;&quot;,&quot;id&quot;:&quot;&quot;,&quot;size&quot;:&quot;&quot;},&quot;jet_parallax_layout_speed&quot;:{&quot;unit&quot;:&quot;%&quot;,&quot;size&quot;:50,&quot;sizes&quot;:[]},&quot;jet_parallax_layout_type&quot;:&quot;scroll&quot;,&quot;jet_parallax_layout_direction&quot;:&quot;1&quot;,&quot;jet_parallax_layout_fx_direction&quot;:null,&quot;jet_parallax_layout_z_index&quot;:&quot;&quot;,&quot;jet_parallax_layout_bg_x&quot;:50,&quot;jet_parallax_layout_bg_x_tablet&quot;:&quot;&quot;,&quot;jet_parallax_layout_bg_x_mobile&quot;:&quot;&quot;,&quot;jet_parallax_layout_bg_y&quot;:50,&quot;jet_parallax_layout_bg_y_tablet&quot;:&quot;&quot;,&quot;jet_parallax_layout_bg_y_mobile&quot;:&quot;&quot;,&quot;jet_parallax_layout_bg_size&quot;:&quot;auto&quot;,&quot;jet_parallax_layout_bg_size_tablet&quot;:&quot;&quot;,&quot;jet_parallax_layout_bg_size_mobile&quot;:&quot;&quot;,&quot;jet_parallax_layout_animation_prop&quot;:&quot;transform&quot;,&quot;jet_parallax_layout_on&quot;:[&quot;desktop&quot;,&quot;tablet&quot;]}]}\">\n\t\t\t\t\t\t<div class=\"elementor-container elementor-column-gap-default\">\n\t\t\t\t\t<div class=\"elementor-column elementor-col-100 elementor-top-column elementor-element elementor-element-5d852ce\" data-id=\"5d852ce\" data-element_type=\"column\">\n\t\t\t<div class=\"elementor-widget-wrap elementor-element-populated\">\n\t\t\t\t\t\t<section class=\"elementor-section elementor-inner-section elementor-element elementor-element-135ae46 elementor-section-boxed elementor-section-height-default elementor-section-height-default\" data-id=\"135ae46\" data-element_type=\"section\" data-settings=\"{&quot;jet_parallax_layout_list&quot;:[{&quot;jet_parallax_layout_image&quot;:{&quot;url&quot;:&quot;&quot;,&quot;id&quot;:&quot;&quot;,&quot;size&quot;:&quot;&quot;},&quot;_id&quot;:&quot;0bd3233&quot;,&quot;jet_parallax_layout_image_tablet&quot;:{&quot;url&quot;:&quot;&quot;,&quot;id&quot;:&quot;&quot;,&quot;size&quot;:&quot;&quot;},&quot;jet_parallax_layout_image_mobile&quot;:{&quot;url&quot;:&quot;&quot;,&quot;id&quot;:&quot;&quot;,&quot;size&quot;:&quot;&quot;},&quot;jet_parallax_layout_speed&quot;:{&quot;unit&quot;:&quot;%&quot;,&quot;size&quot;:50,&quot;sizes&quot;:[]},&quot;jet_parallax_layout_type&quot;:&quot;scroll&quot;,&quot;jet_parallax_layout_direction&quot;:&quot;1&quot;,&quot;jet_parallax_layout_fx_direction&quot;:null,&quot;jet_parallax_layout_z_index&quot;:&quot;&quot;,&quot;jet_parallax_layout_bg_x&quot;:50,&quot;jet_parallax_layout_bg_x_tablet&quot;:&quot;&quot;,&quot;jet_parallax_layout_bg_x_mobile&quot;:&quot;&quot;,&quot;jet_parallax_layout_bg_y&quot;:50,&quot;jet_parallax_layout_bg_y_tablet&quot;:&quot;&quot;,&quot;jet_parallax_layout_bg_y_mobile&quot;:&quot;&quot;,&quot;jet_parallax_layout_bg_size&quot;:&quot;auto&quot;,&quot;jet_parallax_layout_bg_size_tablet&quot;:&quot;&quot;,&quot;jet_parallax_layout_bg_size_mobile&quot;:&quot;&quot;,&quot;jet_parallax_layout_animation_prop&quot;:&quot;transform&quot;,&quot;jet_parallax_layout_on&quot;:[&quot;desktop&quot;,&quot;tablet&quot;]}],&quot;background_background&quot;:&quot;classic&quot;}\">\n\t\t\t\t\t\t<div class=\"elementor-container elementor-column-gap-default\">\n\t\t\t\t\t<div class=\"elementor-column elementor-col-100 elementor-inner-column elementor-element elementor-element-fbf6952\" data-id=\"fbf6952\" data-element_type=\"column\">\n\t\t\t<div class=\"elementor-widget-wrap elementor-element-populated\">\n\t\t\t\t\t\t<div class=\"elementor-element elementor-element-f700803 elementor-widget elementor-widget-heading\" data-id=\"f700803\" data-element_type=\"widget\" data-widget_type=\"heading.default\">\n\t\t\t\t<div class=\"elementor-widget-container\">\n\t\t\t\t\t<h2 class=\"elementor-heading-title elementor-size-default\">Suscr\u00edbase al bolet\u00edn<\/h2>\t\t\t\t<\/div>\n\t\t\t\t<\/div>\n\t\t\t\t<div class=\"elementor-element elementor-element-14891c3 elementor-widget elementor-widget-text-editor\" data-id=\"14891c3\" data-element_type=\"widget\" data-widget_type=\"text-editor.default\">\n\t\t\t\t<div class=\"elementor-widget-container\">\n\t\t\t\t\t\t\t\t\t<p>Sea el primero en recibir las \u00faltimas noticias de la Baby Wellness Foundation!<\/p>\n\t\t\t\t\t\t\t\t<\/div>\n\t\t\t\t<\/div>\n\t\t\t\t<div class=\"elementor-element elementor-element-321b77a elementor-widget elementor-widget-html\" data-id=\"321b77a\" data-element_type=\"widget\" data-widget_type=\"html.default\">\n\t\t\t\t<div class=\"elementor-widget-container\">\n\t\t\t\t\t<script type=\"text\/javascript\" src=\"\/\/babywellnesslab.mibu-direct.com\/form\/generate.js?id=3\"><\/script>\t\t\t\t<\/div>\n\t\t\t\t<\/div>\n\t\t\t\t\t<\/div>\n\t\t<\/div>\n\t\t\t\t\t<\/div>\n\t\t<\/section>\n\t\t\t\t\t<\/div>\n\t\t<\/div>\n\t\t\t\t\t<\/div>\n\t\t<\/section>\n\t\t\t\t<\/div>\n\t\t\n<p>Una vez definido el color de las paredes y de las cortinas, que deben ser de una tonalidad similar, se puede empezar a pensar en el mobiliario.<\/p>\n<p><strong>En esta primera etapa de la vida, el reci\u00e9n nacido no necesita una habitaci\u00f3n demasiado llena y definida.<\/strong>Conviene tener \u00fanicamente los muebles indispensables, una especie de base de partida que, con el tiempo, se ir\u00e1 modificando en funci\u00f3n de las etapas del crecimiento, as\u00ed como de las necesidades, los gustos y los deseos del ni\u00f1o. Los imprescindibles son el mois\u00e9s o la cuna, un mueble cambiador, una c\u00f3moda para guardar la ropita y los accesorios del peque\u00f1o, y unas cestas para sus primeros juguetes. Es preferible elegir muebles de madera clara o blanca, con formas ligeras y \u00e1ngulos redondeados, por supuesto, provistos de la homologaci\u00f3n y las garant\u00edas espec\u00edficas para los productos de puericultura.<\/p>\n<p>\u00bfY la distribuci\u00f3n? Si se puede elegir, el feng shui recomienda colocar la cuna o el mois\u00e9s lo m\u00e1s alejados posible de la puerta y de la ventana, para permitir la circulaci\u00f3n natural de energ\u00eda. El cabecero debe estar dirigido hacia una pared, para recrear la seguridad que el peque\u00f1o ten\u00eda dentro de la barriga. El cambiador puede estar cerca de la puerta sin ning\u00fan problema, porque el ni\u00f1o solo est\u00e1 ah\u00ed durante unos minutos, y siempre bajo la vigilancia de los pap\u00e1s. El material ideal para el suelo es la madera, pero es conveniente que est\u00e9 barnizada con productos at\u00f3xicos de origen vegetal. De lo contrario, el suelo puede \u201ccalentarse\u201d con alfombras de pelo corto, de base antideslizante, que sean f\u00e1ciles de lavar y mantener limpias, para evitar que se acumulen el polvo y los \u00e1caros. Por \u00faltimo, hay que tener en cuenta la luz, que es una importante fuente de energ\u00eda Yang. El consejo es utilizar una luz c\u00e1lida de techo o de pared que ilumine todo el ambiente y, despu\u00e9s, un punto de luz m\u00e1s localizado para iluminar el cambiador. Finalmente, una l\u00e1mpara de cristal de sal puede influir positivamente en el bienestar del ni\u00f1o, gracias a la ionizaci\u00f3n del aire y al color que difunde en la estancia.<\/p>\n","protected":false},"featured_media":10971,"menu_order":0,"comment_status":"open","ping_status":"closed","template":"","format":"standard","meta":{"_acf_changed":false,"footnotes":""},"titolo-articolo-nanna":[727],"class_list":["post-11605","segreti-nanna","type-segreti-nanna","status-publish","format-standard","has-post-thumbnail","hentry","titolo-articolo-nanna-el-buen-sueno"],"acf":[],"yoast_head":"<!-- This site is optimized with the Yoast SEO plugin v25.8 - https:\/\/yoast.com\/wordpress\/plugins\/seo\/ -->\n<title>Cap\u00ectulo 5 - El lugar en el que el beb\u00e9 duerme - Baby Wellness Foundation<\/title>\n<meta name=\"robots\" content=\"index, follow, max-snippet:-1, max-image-preview:large, max-video-preview:-1\" \/>\n<link rel=\"canonical\" href=\"https:\/\/babywellnessfoundation.org\/es\/segreti-nanna\/capitulo-5-el-lugar-en-el-que-el-bebe-duerme\/\" \/>\n<meta property=\"og:locale\" content=\"es_ES\" \/>\n<meta property=\"og:type\" content=\"article\" \/>\n<meta property=\"og:title\" content=\"Cap\u00ectulo 5 - El lugar en el que el beb\u00e9 duerme - Baby Wellness Foundation\" \/>\n<meta property=\"og:description\" content=\"Aunque, en los primeros meses, el peque\u00f1o duerma en la misma habitaci\u00f3n con los pap\u00e1s, es bueno e importante empezar a pensar en su propia habitaci\u00f3n. Identificar y definir un espacio c\u00e1lido, bonito y seguro para dedicar al ni\u00f1o es un recorrido mental y emocional que ayuda a los futuros pap\u00e1s a abrirse y a [&hellip;]\" \/>\n<meta property=\"og:url\" content=\"https:\/\/babywellnessfoundation.org\/es\/segreti-nanna\/capitulo-5-el-lugar-en-el-que-el-bebe-duerme\/\" \/>\n<meta property=\"og:site_name\" content=\"Baby Wellness Foundation\" \/>\n<meta property=\"article:modified_time\" content=\"2023-06-06T13:55:07+00:00\" \/>\n<meta property=\"og:image\" content=\"https:\/\/babywellnessfoundation.org\/wp-content\/uploads\/2020\/11\/5_luoghi-nanna-1.jpg\" \/>\n\t<meta property=\"og:image:width\" content=\"1000\" \/>\n\t<meta property=\"og:image:height\" content=\"667\" \/>\n\t<meta property=\"og:image:type\" content=\"image\/jpeg\" \/>\n<meta name=\"twitter:card\" content=\"summary_large_image\" \/>\n<meta name=\"twitter:label1\" content=\"Tiempo de lectura\" \/>\n\t<meta name=\"twitter:data1\" content=\"5 minutos\" \/>\n\t<meta name=\"twitter:label2\" content=\"Written by\" \/>\n\t<meta name=\"twitter:data2\" content=\"Admin Mibu\" \/>\n<script type=\"application\/ld+json\" class=\"yoast-schema-graph\">{\"@context\":\"https:\/\/schema.org\",\"@graph\":[{\"@type\":\"WebPage\",\"@id\":\"https:\/\/babywellnessfoundation.org\/es\/segreti-nanna\/capitulo-5-el-lugar-en-el-que-el-bebe-duerme\/\",\"url\":\"https:\/\/babywellnessfoundation.org\/es\/segreti-nanna\/capitulo-5-el-lugar-en-el-que-el-bebe-duerme\/\",\"name\":\"Cap\u00ectulo 5 - El lugar en el que el beb\u00e9 duerme - Baby Wellness Foundation\",\"isPartOf\":{\"@id\":\"https:\/\/babywellnessfoundation.org\/#website\"},\"primaryImageOfPage\":{\"@id\":\"https:\/\/babywellnessfoundation.org\/es\/segreti-nanna\/capitulo-5-el-lugar-en-el-que-el-bebe-duerme\/#primaryimage\"},\"image\":{\"@id\":\"https:\/\/babywellnessfoundation.org\/es\/segreti-nanna\/capitulo-5-el-lugar-en-el-que-el-bebe-duerme\/#primaryimage\"},\"thumbnailUrl\":\"https:\/\/babywellnessfoundation.org\/wp-content\/uploads\/2020\/11\/5_luoghi-nanna-1.jpg\",\"datePublished\":\"2020-11-14T12:30:25+00:00\",\"dateModified\":\"2023-06-06T13:55:07+00:00\",\"breadcrumb\":{\"@id\":\"https:\/\/babywellnessfoundation.org\/es\/segreti-nanna\/capitulo-5-el-lugar-en-el-que-el-bebe-duerme\/#breadcrumb\"},\"inLanguage\":\"es\",\"potentialAction\":[{\"@type\":\"ReadAction\",\"target\":[\"https:\/\/babywellnessfoundation.org\/es\/segreti-nanna\/capitulo-5-el-lugar-en-el-que-el-bebe-duerme\/\"]}]},{\"@type\":\"ImageObject\",\"inLanguage\":\"es\",\"@id\":\"https:\/\/babywellnessfoundation.org\/es\/segreti-nanna\/capitulo-5-el-lugar-en-el-que-el-bebe-duerme\/#primaryimage\",\"url\":\"https:\/\/babywellnessfoundation.org\/wp-content\/uploads\/2020\/11\/5_luoghi-nanna-1.jpg\",\"contentUrl\":\"https:\/\/babywellnessfoundation.org\/wp-content\/uploads\/2020\/11\/5_luoghi-nanna-1.jpg\",\"width\":1000,\"height\":667},{\"@type\":\"BreadcrumbList\",\"@id\":\"https:\/\/babywellnessfoundation.org\/es\/segreti-nanna\/capitulo-5-el-lugar-en-el-que-el-bebe-duerme\/#breadcrumb\",\"itemListElement\":[{\"@type\":\"ListItem\",\"position\":1,\"name\":\"Home\",\"item\":\"https:\/\/babywellnessfoundation.org\/es\/\"},{\"@type\":\"ListItem\",\"position\":2,\"name\":\"Cap\u00ectulo 5 &#8211; El lugar en el que el beb\u00e9 duerme\"}]},{\"@type\":\"WebSite\",\"@id\":\"https:\/\/babywellnessfoundation.org\/#website\",\"url\":\"https:\/\/babywellnessfoundation.org\/\",\"name\":\"Baby Wellness Foundation\",\"description\":\"\",\"potentialAction\":[{\"@type\":\"SearchAction\",\"target\":{\"@type\":\"EntryPoint\",\"urlTemplate\":\"https:\/\/babywellnessfoundation.org\/?s={search_term_string}\"},\"query-input\":{\"@type\":\"PropertyValueSpecification\",\"valueRequired\":true,\"valueName\":\"search_term_string\"}}],\"inLanguage\":\"es\"}]}<\/script>\n<!-- \/ Yoast SEO plugin. -->","yoast_head_json":{"title":"Cap\u00ectulo 5 - El lugar en el que el beb\u00e9 duerme - Baby Wellness Foundation","robots":{"index":"index","follow":"follow","max-snippet":"max-snippet:-1","max-image-preview":"max-image-preview:large","max-video-preview":"max-video-preview:-1"},"canonical":"https:\/\/babywellnessfoundation.org\/es\/segreti-nanna\/capitulo-5-el-lugar-en-el-que-el-bebe-duerme\/","og_locale":"es_ES","og_type":"article","og_title":"Cap\u00ectulo 5 - El lugar en el que el beb\u00e9 duerme - Baby Wellness Foundation","og_description":"Aunque, en los primeros meses, el peque\u00f1o duerma en la misma habitaci\u00f3n con los pap\u00e1s, es bueno e importante empezar a pensar en su propia habitaci\u00f3n. Identificar y definir un espacio c\u00e1lido, bonito y seguro para dedicar al ni\u00f1o es un recorrido mental y emocional que ayuda a los futuros pap\u00e1s a abrirse y a [&hellip;]","og_url":"https:\/\/babywellnessfoundation.org\/es\/segreti-nanna\/capitulo-5-el-lugar-en-el-que-el-bebe-duerme\/","og_site_name":"Baby Wellness Foundation","article_modified_time":"2023-06-06T13:55:07+00:00","og_image":[{"width":1000,"height":667,"url":"https:\/\/babywellnessfoundation.org\/wp-content\/uploads\/2020\/11\/5_luoghi-nanna-1.jpg","type":"image\/jpeg"}],"twitter_card":"summary_large_image","twitter_misc":{"Tiempo de lectura":"5 minutos","Written by":"Admin Mibu"},"schema":{"@context":"https:\/\/schema.org","@graph":[{"@type":"WebPage","@id":"https:\/\/babywellnessfoundation.org\/es\/segreti-nanna\/capitulo-5-el-lugar-en-el-que-el-bebe-duerme\/","url":"https:\/\/babywellnessfoundation.org\/es\/segreti-nanna\/capitulo-5-el-lugar-en-el-que-el-bebe-duerme\/","name":"Cap\u00ectulo 5 - El lugar en el que el beb\u00e9 duerme - Baby Wellness Foundation","isPartOf":{"@id":"https:\/\/babywellnessfoundation.org\/#website"},"primaryImageOfPage":{"@id":"https:\/\/babywellnessfoundation.org\/es\/segreti-nanna\/capitulo-5-el-lugar-en-el-que-el-bebe-duerme\/#primaryimage"},"image":{"@id":"https:\/\/babywellnessfoundation.org\/es\/segreti-nanna\/capitulo-5-el-lugar-en-el-que-el-bebe-duerme\/#primaryimage"},"thumbnailUrl":"https:\/\/babywellnessfoundation.org\/wp-content\/uploads\/2020\/11\/5_luoghi-nanna-1.jpg","datePublished":"2020-11-14T12:30:25+00:00","dateModified":"2023-06-06T13:55:07+00:00","breadcrumb":{"@id":"https:\/\/babywellnessfoundation.org\/es\/segreti-nanna\/capitulo-5-el-lugar-en-el-que-el-bebe-duerme\/#breadcrumb"},"inLanguage":"es","potentialAction":[{"@type":"ReadAction","target":["https:\/\/babywellnessfoundation.org\/es\/segreti-nanna\/capitulo-5-el-lugar-en-el-que-el-bebe-duerme\/"]}]},{"@type":"ImageObject","inLanguage":"es","@id":"https:\/\/babywellnessfoundation.org\/es\/segreti-nanna\/capitulo-5-el-lugar-en-el-que-el-bebe-duerme\/#primaryimage","url":"https:\/\/babywellnessfoundation.org\/wp-content\/uploads\/2020\/11\/5_luoghi-nanna-1.jpg","contentUrl":"https:\/\/babywellnessfoundation.org\/wp-content\/uploads\/2020\/11\/5_luoghi-nanna-1.jpg","width":1000,"height":667},{"@type":"BreadcrumbList","@id":"https:\/\/babywellnessfoundation.org\/es\/segreti-nanna\/capitulo-5-el-lugar-en-el-que-el-bebe-duerme\/#breadcrumb","itemListElement":[{"@type":"ListItem","position":1,"name":"Home","item":"https:\/\/babywellnessfoundation.org\/es\/"},{"@type":"ListItem","position":2,"name":"Cap\u00ectulo 5 &#8211; El lugar en el que el beb\u00e9 duerme"}]},{"@type":"WebSite","@id":"https:\/\/babywellnessfoundation.org\/#website","url":"https:\/\/babywellnessfoundation.org\/","name":"Baby Wellness Foundation","description":"","potentialAction":[{"@type":"SearchAction","target":{"@type":"EntryPoint","urlTemplate":"https:\/\/babywellnessfoundation.org\/?s={search_term_string}"},"query-input":{"@type":"PropertyValueSpecification","valueRequired":true,"valueName":"search_term_string"}}],"inLanguage":"es"}]}},"_links":{"self":[{"href":"https:\/\/babywellnessfoundation.org\/es\/wp-json\/wp\/v2\/segreti-nanna\/11605","targetHints":{"allow":["GET"]}}],"collection":[{"href":"https:\/\/babywellnessfoundation.org\/es\/wp-json\/wp\/v2\/segreti-nanna"}],"about":[{"href":"https:\/\/babywellnessfoundation.org\/es\/wp-json\/wp\/v2\/types\/segreti-nanna"}],"replies":[{"embeddable":true,"href":"https:\/\/babywellnessfoundation.org\/es\/wp-json\/wp\/v2\/comments?post=11605"}],"version-history":[{"count":2,"href":"https:\/\/babywellnessfoundation.org\/es\/wp-json\/wp\/v2\/segreti-nanna\/11605\/revisions"}],"predecessor-version":[{"id":11885,"href":"https:\/\/babywellnessfoundation.org\/es\/wp-json\/wp\/v2\/segreti-nanna\/11605\/revisions\/11885"}],"wp:featuredmedia":[{"embeddable":true,"href":"https:\/\/babywellnessfoundation.org\/es\/wp-json\/wp\/v2\/media\/10971"}],"wp:attachment":[{"href":"https:\/\/babywellnessfoundation.org\/es\/wp-json\/wp\/v2\/media?parent=11605"}],"wp:term":[{"taxonomy":"titolo-articolo-nanna","embeddable":true,"href":"https:\/\/babywellnessfoundation.org\/es\/wp-json\/wp\/v2\/titolo-articolo-nanna?post=11605"}],"curies":[{"name":"wp","href":"https:\/\/api.w.org\/{rel}","templated":true}]}}