{"id":11630,"date":"2021-01-29T15:33:58","date_gmt":"2021-01-29T14:33:58","guid":{"rendered":"https:\/\/babywellnessfoundation.org\/?post_type=salute-del-neonato&#038;p=11630"},"modified":"2023-06-06T14:52:16","modified_gmt":"2023-06-06T13:52:16","slug":"capitulo-7-salud-oral-y-primeros-dientes","status":"publish","type":"salute-del-neonato","link":"https:\/\/babywellnessfoundation.org\/es\/salute-del-neonato\/capitulo-7-salud-oral-y-primeros-dientes\/","title":{"rendered":"Cap\u00ectulo 7 &#8211; Salud oral y primeros dientes"},"content":{"rendered":"<p><strong>La salud oral del ni\u00f1o est\u00e1 estrechamente relacionada con la de la madre, antes y despu\u00e9s de nacer.<\/strong> Estudios recientes han demostrado que, cuanto mayor es la presencia de caries en la futura mam\u00e1, mayor es la posibilidad de transmitir la misma patolog\u00eda al peque\u00f1o. (22) Por ello, se recomienda a las gestantes que programen una cita con el odont\u00f3logo en cuanto descubran que esperan un beb\u00e9 y, si es posible, antes de la concepci\u00f3n, con el fin de establecer un calendario de visitas para la higiene peri\u00f3dica y resolver as\u00ed los posibles problemas existentes. Durante los nueve meses, entre los muchos cambios que se producen en el organismo materno, la cavidad oral tambi\u00e9n se modifica: (23) a causa de las fuertes variaciones hormonales, las enc\u00edas pueden debilitarse e inflamarse, causando la denominada gingivitis gestacional, con enrojecimiento, dolor y sangrado. Asimismo, la progesterona facilita la proliferaci\u00f3n de las bacterias de la cavidad oral y debilita la capacidad de los anticuerpos para combatirlas, favoreciendo la posible aparici\u00f3n de caries y perjudicando, en general, la salud de la boca.<\/p>\n<p>En cambio, por lo que respecta al beb\u00e9, la colonizaci\u00f3n bacteriana de su cavidad oral se produce desde la vida intrauterina y contin\u00faa a trav\u00e9s de la saliva materna, con los m\u00e1s sencillos gestos cotidianos, como un beso. Esto todav\u00eda no comporta la formaci\u00f3n de caries, puesto que los organismos res-ponsables necesitan el tejido dental para sobrevivir.<\/p>\n<blockquote><p><strong>Los dientes deciduos,<\/strong> com\u00fanmente llamados dientes de leche, empie-zan a despuntar alrededor de los tres-seis meses.24 En total, son 20 dien-tes, distribuidos en cada arcada dentaria del siguiente modo: dos incisivos centrales, dos incisivos laterales, dos caninos y cuatro molares. Por regla general, los primeros en salir son los incisivos centrales inferiores, mien-tras que los superiores aparecen m\u00e1s tarde, entre los cinco y los siete meses.<\/p><\/blockquote>\n<p>La erupci\u00f3n de los incisivos centrales y laterales de las dos arcadas se com-pleta, en general, en el primer a\u00f1o. Les siguen los primeros molares, entre los 12 y los 18 meses; los caninos, entre los 18 y los 24 meses; y los segundos molares, entre los 24 y los 30 meses. Como sucede en todas las etapas del crecimiento, el proceso de dentici\u00f3n var\u00eda mucho de ni\u00f1o a ni\u00f1o. En algu-nos casos, el primer diente de leche aparece, incluso, al a\u00f1o.<\/p>\n<p><img fetchpriority=\"high\" decoding=\"async\" class=\"size-full wp-image-4761\" src=\"https:\/\/babywellnessfoundation.org\/wp-content\/uploads\/2021\/01\/7_primi-dentini-2.jpg\" alt=\"\" width=\"1000\" height=\"667\" srcset=\"https:\/\/babywellnessfoundation.org\/wp-content\/uploads\/2021\/01\/7_primi-dentini-2.jpg 1000w, https:\/\/babywellnessfoundation.org\/wp-content\/uploads\/2021\/01\/7_primi-dentini-2-300x200.jpg 300w, https:\/\/babywellnessfoundation.org\/wp-content\/uploads\/2021\/01\/7_primi-dentini-2-768x512.jpg 768w, https:\/\/babywellnessfoundation.org\/wp-content\/uploads\/2021\/01\/7_primi-dentini-2-100x67.jpg 100w, https:\/\/babywellnessfoundation.org\/wp-content\/uploads\/2021\/01\/7_primi-dentini-2-120x80.jpg 120w\" sizes=\"(max-width: 1000px) 100vw, 1000px\" \/><\/p>\n<p>Cuando empiezan a salir los dientes, el ni\u00f1o puede sentir molestias, tener las enc\u00edas hinchadas, con abundante salivaci\u00f3n, y su sue\u00f1o puede verse perturbado. En algunos casos, el episodio puede venir acompa\u00f1ado de fiebre, diarrea e inapetencia. En cualquier caso, se trata de molestias leves, m\u00e1s t\u00edpicas de la erupci\u00f3n de los molares, pero no por ello hay que descuidarlas. Para aliviar el malestar del peque\u00f1o, se le pueden masajear las enc\u00edas con el dedo limpio. Tambi\u00e9n se le pueden ofrecer mordedores espec\u00edficos para atenuar el dolor y la molestia, que se pueden conservar en el frigor\u00edfico para combinar la acci\u00f3n mec\u00e1nica con la generalmente anest\u00e9sica del fr\u00edo.<\/p>\n<blockquote><p><strong>Como sucede en todas las etapas del crecimiento, el proceso de dentici\u00f3n tambi\u00e9n var\u00eda mucho de ni\u00f1o a ni\u00f1o. En algunos casos, el primer diente de leche aparece, incluso, al a\u00f1o.<\/strong><\/p><\/blockquote>\n<p>Tampoco debe infravalorarse el efecto beneficioso y tranquilizante de los cuidados y los mimos de la mam\u00e1 y el pap\u00e1: un juego que le distraiga, una cancioncita, la lectura de un libro o, simplemente, un abrazo, constituyen instrumentos que no pueden sino contribuir a su <em>bienestar.<\/em><\/p>\n<p>Durante la primera erupci\u00f3n de los dientes, es fundamental ocuparse de la higiene oral. Es m\u00e1s, el ni\u00f1o debe habituarse a la cita con el cepillo incluso antes de la aparici\u00f3n de los dientes, frotando suavemente las enc\u00edas con una gasa est\u00e9ril templada y h\u00fameda. Asimismo, existen guantes de microfibra espec\u00edficos para este fin, con formas graciosas y divertidas. Dibujos, colores y personajes ayudan a los pap\u00e1s a transformar la rutina de la higiene oral en una especie de juego, favoreciendo la aceptaci\u00f3n del cepillo por parte de ni\u00f1o, sobre todo, entre los 12 y los 36 meses, per\u00edodo en el que es bueno que empiece a familiarizarse con el instrumento. M\u00e1s adelante, deber\u00e1 empezar a hacerlo solito, pero siempre bajo la supervisi\u00f3n de la mam\u00e1 y el pap\u00e1.<\/p>\n<p>Lo ideal ser\u00eda lavarle los dientes por la ma\u00f1ana y por la noche, antes de irse a la cama. Despu\u00e9s de la higiene de antes de dormir, ser\u00eda preciso evitar las bebidas azucaradas. Durante el sue\u00f1o, la producci\u00f3n de saliva se reduce y el az\u00facar se deposita m\u00e1s f\u00e1cilmente sobre los dientes, aumentando el riesgo de caries.<\/p>\n<p>En los seis meses posteriores a la salida del primer diente, se aconseja realizar un primer control odontol\u00f3gico, con un doble objetivo: familiari-zar al ni\u00f1o con la consulta del odont\u00f3logo y, sobre todo, prevenir. Los dientes de leche siempre deben tratarse, aunque est\u00e9n destinados a caerse. Su cuidado y su permanencia en la boca hasta ser sustituidos por los dientes definitivos son fundamentales para la futura salud oral.<\/p>\n\t\t<div data-elementor-type=\"section\" data-elementor-id=\"11488\" class=\"elementor elementor-11488 elementor-3769\" data-elementor-post-type=\"elementor_library\">\n\t\t\t\t\t<section class=\"elementor-section elementor-top-section elementor-element elementor-element-5d0203b elementor-section-boxed elementor-section-height-default elementor-section-height-default\" data-id=\"5d0203b\" data-element_type=\"section\" data-settings=\"{&quot;jet_parallax_layout_list&quot;:[{&quot;jet_parallax_layout_image&quot;:{&quot;url&quot;:&quot;&quot;,&quot;id&quot;:&quot;&quot;,&quot;size&quot;:&quot;&quot;},&quot;_id&quot;:&quot;7466265&quot;,&quot;jet_parallax_layout_image_tablet&quot;:{&quot;url&quot;:&quot;&quot;,&quot;id&quot;:&quot;&quot;,&quot;size&quot;:&quot;&quot;},&quot;jet_parallax_layout_image_mobile&quot;:{&quot;url&quot;:&quot;&quot;,&quot;id&quot;:&quot;&quot;,&quot;size&quot;:&quot;&quot;},&quot;jet_parallax_layout_speed&quot;:{&quot;unit&quot;:&quot;%&quot;,&quot;size&quot;:50,&quot;sizes&quot;:[]},&quot;jet_parallax_layout_type&quot;:&quot;scroll&quot;,&quot;jet_parallax_layout_direction&quot;:&quot;1&quot;,&quot;jet_parallax_layout_fx_direction&quot;:null,&quot;jet_parallax_layout_z_index&quot;:&quot;&quot;,&quot;jet_parallax_layout_bg_x&quot;:50,&quot;jet_parallax_layout_bg_x_tablet&quot;:&quot;&quot;,&quot;jet_parallax_layout_bg_x_mobile&quot;:&quot;&quot;,&quot;jet_parallax_layout_bg_y&quot;:50,&quot;jet_parallax_layout_bg_y_tablet&quot;:&quot;&quot;,&quot;jet_parallax_layout_bg_y_mobile&quot;:&quot;&quot;,&quot;jet_parallax_layout_bg_size&quot;:&quot;auto&quot;,&quot;jet_parallax_layout_bg_size_tablet&quot;:&quot;&quot;,&quot;jet_parallax_layout_bg_size_mobile&quot;:&quot;&quot;,&quot;jet_parallax_layout_animation_prop&quot;:&quot;transform&quot;,&quot;jet_parallax_layout_on&quot;:[&quot;desktop&quot;,&quot;tablet&quot;]}]}\">\n\t\t\t\t\t\t<div class=\"elementor-container elementor-column-gap-default\">\n\t\t\t\t\t<div class=\"elementor-column elementor-col-100 elementor-top-column elementor-element elementor-element-5d852ce\" data-id=\"5d852ce\" data-element_type=\"column\">\n\t\t\t<div class=\"elementor-widget-wrap elementor-element-populated\">\n\t\t\t\t\t\t<section class=\"elementor-section elementor-inner-section elementor-element elementor-element-135ae46 elementor-section-boxed elementor-section-height-default elementor-section-height-default\" data-id=\"135ae46\" data-element_type=\"section\" data-settings=\"{&quot;jet_parallax_layout_list&quot;:[{&quot;jet_parallax_layout_image&quot;:{&quot;url&quot;:&quot;&quot;,&quot;id&quot;:&quot;&quot;,&quot;size&quot;:&quot;&quot;},&quot;_id&quot;:&quot;0bd3233&quot;,&quot;jet_parallax_layout_image_tablet&quot;:{&quot;url&quot;:&quot;&quot;,&quot;id&quot;:&quot;&quot;,&quot;size&quot;:&quot;&quot;},&quot;jet_parallax_layout_image_mobile&quot;:{&quot;url&quot;:&quot;&quot;,&quot;id&quot;:&quot;&quot;,&quot;size&quot;:&quot;&quot;},&quot;jet_parallax_layout_speed&quot;:{&quot;unit&quot;:&quot;%&quot;,&quot;size&quot;:50,&quot;sizes&quot;:[]},&quot;jet_parallax_layout_type&quot;:&quot;scroll&quot;,&quot;jet_parallax_layout_direction&quot;:&quot;1&quot;,&quot;jet_parallax_layout_fx_direction&quot;:null,&quot;jet_parallax_layout_z_index&quot;:&quot;&quot;,&quot;jet_parallax_layout_bg_x&quot;:50,&quot;jet_parallax_layout_bg_x_tablet&quot;:&quot;&quot;,&quot;jet_parallax_layout_bg_x_mobile&quot;:&quot;&quot;,&quot;jet_parallax_layout_bg_y&quot;:50,&quot;jet_parallax_layout_bg_y_tablet&quot;:&quot;&quot;,&quot;jet_parallax_layout_bg_y_mobile&quot;:&quot;&quot;,&quot;jet_parallax_layout_bg_size&quot;:&quot;auto&quot;,&quot;jet_parallax_layout_bg_size_tablet&quot;:&quot;&quot;,&quot;jet_parallax_layout_bg_size_mobile&quot;:&quot;&quot;,&quot;jet_parallax_layout_animation_prop&quot;:&quot;transform&quot;,&quot;jet_parallax_layout_on&quot;:[&quot;desktop&quot;,&quot;tablet&quot;]}],&quot;background_background&quot;:&quot;classic&quot;}\">\n\t\t\t\t\t\t<div class=\"elementor-container elementor-column-gap-default\">\n\t\t\t\t\t<div class=\"elementor-column elementor-col-100 elementor-inner-column elementor-element elementor-element-fbf6952\" data-id=\"fbf6952\" data-element_type=\"column\">\n\t\t\t<div class=\"elementor-widget-wrap elementor-element-populated\">\n\t\t\t\t\t\t<div class=\"elementor-element elementor-element-f700803 elementor-widget elementor-widget-heading\" data-id=\"f700803\" data-element_type=\"widget\" data-widget_type=\"heading.default\">\n\t\t\t\t<div class=\"elementor-widget-container\">\n\t\t\t\t\t<h2 class=\"elementor-heading-title elementor-size-default\">Suscr\u00edbase al bolet\u00edn<\/h2>\t\t\t\t<\/div>\n\t\t\t\t<\/div>\n\t\t\t\t<div class=\"elementor-element elementor-element-14891c3 elementor-widget elementor-widget-text-editor\" data-id=\"14891c3\" data-element_type=\"widget\" data-widget_type=\"text-editor.default\">\n\t\t\t\t<div class=\"elementor-widget-container\">\n\t\t\t\t\t\t\t\t\t<p>Sea el primero en recibir las \u00faltimas noticias de la Baby Wellness Foundation!<\/p>\n\t\t\t\t\t\t\t\t<\/div>\n\t\t\t\t<\/div>\n\t\t\t\t<div class=\"elementor-element elementor-element-321b77a elementor-widget elementor-widget-html\" data-id=\"321b77a\" data-element_type=\"widget\" data-widget_type=\"html.default\">\n\t\t\t\t<div class=\"elementor-widget-container\">\n\t\t\t\t\t<script type=\"text\/javascript\" src=\"\/\/babywellnesslab.mibu-direct.com\/form\/generate.js?id=3\"><\/script>\t\t\t\t<\/div>\n\t\t\t\t<\/div>\n\t\t\t\t\t<\/div>\n\t\t<\/div>\n\t\t\t\t\t<\/div>\n\t\t<\/section>\n\t\t\t\t\t<\/div>\n\t\t<\/div>\n\t\t\t\t\t<\/div>\n\t\t<\/section>\n\t\t\t\t<\/div>\n\t\t\n<p>Durante los primeros meses, el beb\u00e9 puede manifestar trastornos en la cavidad oral, concretamente, aftas y muguet. Las aftas son peque\u00f1as llagas de color blanco o rosado que se forman sobre las paredes de la boca y debajo de la lengua. Se pueden deber a una alteraci\u00f3n de la microbiota oral, o bien a una infecci\u00f3n de las am\u00edgdalas, o incluso a una carencia de vitaminas. Pueden resultar dolorosas, incluso con la simple succi\u00f3n, y el ni\u00f1o se puede mostrar inquieto y molesto. En espera de la curaci\u00f3n espont\u00e1nea, el pediatra puede prescribir una soluci\u00f3n terap\u00e9utica antis\u00e9ptica que se aplica con un pincelito.<\/p>\n<p>En cambio, si aparecen manchas blanquecinas en la boca, similares a restos de leche, se trata de muguet, una infecci\u00f3n mic\u00f3tica provocada por el hongo Candida albicans, naturalmente presente en la flora intestinal del organismo. Aparece, sobre todo, en las primeras semanas de vida, y puede provocar tanto dolor que dificulte la lactancia. Si se contrae de forma leve, la candidiasis oral suele desaparecer en unas dos semanas, sin necesidad de ning\u00fan tratamiento. No obstante, siempre es conveniente consultar al pediatra y no infravalorar el problema que, en los casos m\u00e1s graves, incluso podr\u00eda llegar a comportar una infecci\u00f3n sist\u00e9mica. Por regla general, no es necesario recurrir a f\u00e1rmacos antimic\u00f3ticos: para tratar el muguet suele ser suficiente con utilizar unas gasas est\u00e9riles empapadas con una disoluci\u00f3n de agua y bicarbonato, y pasarlas por la lengua y el interior de la boca del lactante durante unos d\u00edas o semanas, en funci\u00f3n de la entidad de la infecci\u00f3n. Mientras tanto, la mam\u00e1 deber\u00e1 limpiarse cuidadosamente el pecho antes de las tomas. Una vez finalizada la lactancia, el pecho debe lavarse con un jab\u00f3n neutro o alcalino, no \u00e1cido, con un pH igual o superior a 7. El pediatra podr\u00eda prescribir una pomada antimic\u00f3tica para aplicar sobre el pez\u00f3n.<\/p>\n","protected":false},"featured_media":10989,"menu_order":0,"comment_status":"open","ping_status":"closed","template":"","meta":{"_acf_changed":false,"footnotes":""},"titolo-articolo-salute-neonato":[728],"class_list":["post-11630","salute-del-neonato","type-salute-del-neonato","status-publish","has-post-thumbnail","hentry","titolo-articolo-salute-neonato-la-salud-el-bien-mas-preciado"],"acf":[],"yoast_head":"<!-- This site is optimized with the Yoast SEO plugin v25.8 - https:\/\/yoast.com\/wordpress\/plugins\/seo\/ -->\n<title>Cap\u00ectulo 7 - Salud oral y primeros dientes - Baby Wellness Foundation<\/title>\n<meta name=\"robots\" content=\"index, follow, max-snippet:-1, max-image-preview:large, max-video-preview:-1\" \/>\n<link rel=\"canonical\" href=\"https:\/\/babywellnessfoundation.org\/es\/salute-del-neonato\/capitulo-7-salud-oral-y-primeros-dientes\/\" \/>\n<meta property=\"og:locale\" content=\"es_ES\" \/>\n<meta property=\"og:type\" content=\"article\" \/>\n<meta property=\"og:title\" content=\"Cap\u00ectulo 7 - Salud oral y primeros dientes - Baby Wellness Foundation\" \/>\n<meta property=\"og:description\" content=\"La salud oral del ni\u00f1o est\u00e1 estrechamente relacionada con la de la madre, antes y despu\u00e9s de nacer. Estudios recientes han demostrado que, cuanto mayor es la presencia de caries en la futura mam\u00e1, mayor es la posibilidad de transmitir la misma patolog\u00eda al peque\u00f1o. (22) Por ello, se recomienda a las gestantes que programen [&hellip;]\" \/>\n<meta property=\"og:url\" content=\"https:\/\/babywellnessfoundation.org\/es\/salute-del-neonato\/capitulo-7-salud-oral-y-primeros-dientes\/\" \/>\n<meta property=\"og:site_name\" content=\"Baby Wellness Foundation\" \/>\n<meta property=\"article:modified_time\" content=\"2023-06-06T13:52:16+00:00\" \/>\n<meta property=\"og:image\" content=\"https:\/\/babywellnessfoundation.org\/wp-content\/uploads\/2021\/01\/7_primi-dentini-1.jpg\" \/>\n\t<meta property=\"og:image:width\" content=\"1000\" \/>\n\t<meta property=\"og:image:height\" content=\"665\" \/>\n\t<meta property=\"og:image:type\" content=\"image\/jpeg\" \/>\n<meta name=\"twitter:card\" content=\"summary_large_image\" \/>\n<meta name=\"twitter:label1\" content=\"Tiempo de lectura\" \/>\n\t<meta name=\"twitter:data1\" content=\"7 minutos\" \/>\n\t<meta name=\"twitter:label2\" content=\"Written by\" \/>\n\t<meta name=\"twitter:data2\" content=\"Admin Mibu\" \/>\n<script type=\"application\/ld+json\" class=\"yoast-schema-graph\">{\"@context\":\"https:\/\/schema.org\",\"@graph\":[{\"@type\":\"WebPage\",\"@id\":\"https:\/\/babywellnessfoundation.org\/es\/salute-del-neonato\/capitulo-7-salud-oral-y-primeros-dientes\/\",\"url\":\"https:\/\/babywellnessfoundation.org\/es\/salute-del-neonato\/capitulo-7-salud-oral-y-primeros-dientes\/\",\"name\":\"Cap\u00ectulo 7 - Salud oral y primeros dientes - Baby Wellness Foundation\",\"isPartOf\":{\"@id\":\"https:\/\/babywellnessfoundation.org\/#website\"},\"primaryImageOfPage\":{\"@id\":\"https:\/\/babywellnessfoundation.org\/es\/salute-del-neonato\/capitulo-7-salud-oral-y-primeros-dientes\/#primaryimage\"},\"image\":{\"@id\":\"https:\/\/babywellnessfoundation.org\/es\/salute-del-neonato\/capitulo-7-salud-oral-y-primeros-dientes\/#primaryimage\"},\"thumbnailUrl\":\"https:\/\/babywellnessfoundation.org\/wp-content\/uploads\/2021\/01\/7_primi-dentini-1.jpg\",\"datePublished\":\"2021-01-29T14:33:58+00:00\",\"dateModified\":\"2023-06-06T13:52:16+00:00\",\"breadcrumb\":{\"@id\":\"https:\/\/babywellnessfoundation.org\/es\/salute-del-neonato\/capitulo-7-salud-oral-y-primeros-dientes\/#breadcrumb\"},\"inLanguage\":\"es\",\"potentialAction\":[{\"@type\":\"ReadAction\",\"target\":[\"https:\/\/babywellnessfoundation.org\/es\/salute-del-neonato\/capitulo-7-salud-oral-y-primeros-dientes\/\"]}]},{\"@type\":\"ImageObject\",\"inLanguage\":\"es\",\"@id\":\"https:\/\/babywellnessfoundation.org\/es\/salute-del-neonato\/capitulo-7-salud-oral-y-primeros-dientes\/#primaryimage\",\"url\":\"https:\/\/babywellnessfoundation.org\/wp-content\/uploads\/2021\/01\/7_primi-dentini-1.jpg\",\"contentUrl\":\"https:\/\/babywellnessfoundation.org\/wp-content\/uploads\/2021\/01\/7_primi-dentini-1.jpg\",\"width\":1000,\"height\":665},{\"@type\":\"BreadcrumbList\",\"@id\":\"https:\/\/babywellnessfoundation.org\/es\/salute-del-neonato\/capitulo-7-salud-oral-y-primeros-dientes\/#breadcrumb\",\"itemListElement\":[{\"@type\":\"ListItem\",\"position\":1,\"name\":\"Home\",\"item\":\"https:\/\/babywellnessfoundation.org\/es\/\"},{\"@type\":\"ListItem\",\"position\":2,\"name\":\"Cap\u00ectulo 7 &#8211; Salud oral y primeros dientes\"}]},{\"@type\":\"WebSite\",\"@id\":\"https:\/\/babywellnessfoundation.org\/#website\",\"url\":\"https:\/\/babywellnessfoundation.org\/\",\"name\":\"Baby Wellness Foundation\",\"description\":\"\",\"potentialAction\":[{\"@type\":\"SearchAction\",\"target\":{\"@type\":\"EntryPoint\",\"urlTemplate\":\"https:\/\/babywellnessfoundation.org\/?s={search_term_string}\"},\"query-input\":{\"@type\":\"PropertyValueSpecification\",\"valueRequired\":true,\"valueName\":\"search_term_string\"}}],\"inLanguage\":\"es\"}]}<\/script>\n<!-- \/ Yoast SEO plugin. -->","yoast_head_json":{"title":"Cap\u00ectulo 7 - Salud oral y primeros dientes - Baby Wellness Foundation","robots":{"index":"index","follow":"follow","max-snippet":"max-snippet:-1","max-image-preview":"max-image-preview:large","max-video-preview":"max-video-preview:-1"},"canonical":"https:\/\/babywellnessfoundation.org\/es\/salute-del-neonato\/capitulo-7-salud-oral-y-primeros-dientes\/","og_locale":"es_ES","og_type":"article","og_title":"Cap\u00ectulo 7 - Salud oral y primeros dientes - Baby Wellness Foundation","og_description":"La salud oral del ni\u00f1o est\u00e1 estrechamente relacionada con la de la madre, antes y despu\u00e9s de nacer. Estudios recientes han demostrado que, cuanto mayor es la presencia de caries en la futura mam\u00e1, mayor es la posibilidad de transmitir la misma patolog\u00eda al peque\u00f1o. (22) Por ello, se recomienda a las gestantes que programen [&hellip;]","og_url":"https:\/\/babywellnessfoundation.org\/es\/salute-del-neonato\/capitulo-7-salud-oral-y-primeros-dientes\/","og_site_name":"Baby Wellness Foundation","article_modified_time":"2023-06-06T13:52:16+00:00","og_image":[{"width":1000,"height":665,"url":"https:\/\/babywellnessfoundation.org\/wp-content\/uploads\/2021\/01\/7_primi-dentini-1.jpg","type":"image\/jpeg"}],"twitter_card":"summary_large_image","twitter_misc":{"Tiempo de lectura":"7 minutos","Written by":"Admin Mibu"},"schema":{"@context":"https:\/\/schema.org","@graph":[{"@type":"WebPage","@id":"https:\/\/babywellnessfoundation.org\/es\/salute-del-neonato\/capitulo-7-salud-oral-y-primeros-dientes\/","url":"https:\/\/babywellnessfoundation.org\/es\/salute-del-neonato\/capitulo-7-salud-oral-y-primeros-dientes\/","name":"Cap\u00ectulo 7 - Salud oral y primeros dientes - Baby Wellness Foundation","isPartOf":{"@id":"https:\/\/babywellnessfoundation.org\/#website"},"primaryImageOfPage":{"@id":"https:\/\/babywellnessfoundation.org\/es\/salute-del-neonato\/capitulo-7-salud-oral-y-primeros-dientes\/#primaryimage"},"image":{"@id":"https:\/\/babywellnessfoundation.org\/es\/salute-del-neonato\/capitulo-7-salud-oral-y-primeros-dientes\/#primaryimage"},"thumbnailUrl":"https:\/\/babywellnessfoundation.org\/wp-content\/uploads\/2021\/01\/7_primi-dentini-1.jpg","datePublished":"2021-01-29T14:33:58+00:00","dateModified":"2023-06-06T13:52:16+00:00","breadcrumb":{"@id":"https:\/\/babywellnessfoundation.org\/es\/salute-del-neonato\/capitulo-7-salud-oral-y-primeros-dientes\/#breadcrumb"},"inLanguage":"es","potentialAction":[{"@type":"ReadAction","target":["https:\/\/babywellnessfoundation.org\/es\/salute-del-neonato\/capitulo-7-salud-oral-y-primeros-dientes\/"]}]},{"@type":"ImageObject","inLanguage":"es","@id":"https:\/\/babywellnessfoundation.org\/es\/salute-del-neonato\/capitulo-7-salud-oral-y-primeros-dientes\/#primaryimage","url":"https:\/\/babywellnessfoundation.org\/wp-content\/uploads\/2021\/01\/7_primi-dentini-1.jpg","contentUrl":"https:\/\/babywellnessfoundation.org\/wp-content\/uploads\/2021\/01\/7_primi-dentini-1.jpg","width":1000,"height":665},{"@type":"BreadcrumbList","@id":"https:\/\/babywellnessfoundation.org\/es\/salute-del-neonato\/capitulo-7-salud-oral-y-primeros-dientes\/#breadcrumb","itemListElement":[{"@type":"ListItem","position":1,"name":"Home","item":"https:\/\/babywellnessfoundation.org\/es\/"},{"@type":"ListItem","position":2,"name":"Cap\u00ectulo 7 &#8211; Salud oral y primeros dientes"}]},{"@type":"WebSite","@id":"https:\/\/babywellnessfoundation.org\/#website","url":"https:\/\/babywellnessfoundation.org\/","name":"Baby Wellness Foundation","description":"","potentialAction":[{"@type":"SearchAction","target":{"@type":"EntryPoint","urlTemplate":"https:\/\/babywellnessfoundation.org\/?s={search_term_string}"},"query-input":{"@type":"PropertyValueSpecification","valueRequired":true,"valueName":"search_term_string"}}],"inLanguage":"es"}]}},"_links":{"self":[{"href":"https:\/\/babywellnessfoundation.org\/es\/wp-json\/wp\/v2\/salute-del-neonato\/11630","targetHints":{"allow":["GET"]}}],"collection":[{"href":"https:\/\/babywellnessfoundation.org\/es\/wp-json\/wp\/v2\/salute-del-neonato"}],"about":[{"href":"https:\/\/babywellnessfoundation.org\/es\/wp-json\/wp\/v2\/types\/salute-del-neonato"}],"replies":[{"embeddable":true,"href":"https:\/\/babywellnessfoundation.org\/es\/wp-json\/wp\/v2\/comments?post=11630"}],"version-history":[{"count":2,"href":"https:\/\/babywellnessfoundation.org\/es\/wp-json\/wp\/v2\/salute-del-neonato\/11630\/revisions"}],"predecessor-version":[{"id":11861,"href":"https:\/\/babywellnessfoundation.org\/es\/wp-json\/wp\/v2\/salute-del-neonato\/11630\/revisions\/11861"}],"wp:featuredmedia":[{"embeddable":true,"href":"https:\/\/babywellnessfoundation.org\/es\/wp-json\/wp\/v2\/media\/10989"}],"wp:attachment":[{"href":"https:\/\/babywellnessfoundation.org\/es\/wp-json\/wp\/v2\/media?parent=11630"}],"wp:term":[{"taxonomy":"titolo-articolo-salute-neonato","embeddable":true,"href":"https:\/\/babywellnessfoundation.org\/es\/wp-json\/wp\/v2\/titolo-articolo-salute-neonato?post=11630"}],"curies":[{"name":"wp","href":"https:\/\/api.w.org\/{rel}","templated":true}]}}