{"version":"1.0","provider_name":"Baby Wellness Foundation","provider_url":"https:\/\/babywellnessfoundation.org\/es\/","author_name":"Admin Mibu","author_url":"https:\/\/babywellnessfoundation.org\/es\/author\/adminmibu\/","title":"Cap\u00ectulo 3 - El desarrollo sensorial - Baby Wellness Foundation","type":"rich","width":600,"height":338,"html":"<blockquote class=\"wp-embedded-content\" data-secret=\"AapIGucWxl\"><a href=\"https:\/\/babywellnessfoundation.org\/es\/sviluppo-cognitivo\/capitulo-3-el-desarrollo-sensorial\/\">Cap\u00ectulo 3 &#8211; El desarrollo sensorial<\/a><\/blockquote><iframe sandbox=\"allow-scripts\" security=\"restricted\" src=\"https:\/\/babywellnessfoundation.org\/es\/sviluppo-cognitivo\/capitulo-3-el-desarrollo-sensorial\/embed\/#?secret=AapIGucWxl\" width=\"600\" height=\"338\" title=\"\u00abCap\u00ectulo 3 &#8211; El desarrollo sensorial\u00bb \u2014 Baby Wellness Foundation\" data-secret=\"AapIGucWxl\" frameborder=\"0\" marginwidth=\"0\" marginheight=\"0\" scrolling=\"no\" class=\"wp-embedded-content\"><\/iframe><script type=\"text\/javascript\">\n\/* <![CDATA[ *\/\n\/*! This file is auto-generated *\/\n!function(d,l){\"use strict\";l.querySelector&&d.addEventListener&&\"undefined\"!=typeof URL&&(d.wp=d.wp||{},d.wp.receiveEmbedMessage||(d.wp.receiveEmbedMessage=function(e){var t=e.data;if((t||t.secret||t.message||t.value)&&!\/[^a-zA-Z0-9]\/.test(t.secret)){for(var s,r,n,a=l.querySelectorAll('iframe[data-secret=\"'+t.secret+'\"]'),o=l.querySelectorAll('blockquote[data-secret=\"'+t.secret+'\"]'),c=new RegExp(\"^https?:$\",\"i\"),i=0;i<o.length;i++)o[i].style.display=\"none\";for(i=0;i<a.length;i++)s=a[i],e.source===s.contentWindow&&(s.removeAttribute(\"style\"),\"height\"===t.message?(1e3<(r=parseInt(t.value,10))?r=1e3:~~r<200&&(r=200),s.height=r):\"link\"===t.message&&(r=new URL(s.getAttribute(\"src\")),n=new URL(t.value),c.test(n.protocol))&&n.host===r.host&&l.activeElement===s&&(d.top.location.href=t.value))}},d.addEventListener(\"message\",d.wp.receiveEmbedMessage,!1),l.addEventListener(\"DOMContentLoaded\",function(){for(var e,t,s=l.querySelectorAll(\"iframe.wp-embedded-content\"),r=0;r<s.length;r++)(t=(e=s[r]).getAttribute(\"data-secret\"))||(t=Math.random().toString(36).substring(2,12),e.src+=\"#?secret=\"+t,e.setAttribute(\"data-secret\",t)),e.contentWindow.postMessage({message:\"ready\",secret:t},\"*\")},!1)))}(window,document);\n\/* ]]> *\/\n<\/script>\n","thumbnail_url":"https:\/\/babywellnessfoundation.org\/wp-content\/uploads\/2021\/03\/3_sviluppo-sensoriale-6.jpg","thumbnail_width":1000,"thumbnail_height":667,"description":"Del mismo modo que las conexiones del sistema nervioso que controlan los reflejos innatos, los sentidos tambi\u00e9n est\u00e1n formados cuando el beb\u00e9 nace. Algunos est\u00e1n ya muy activos, mientras que otros deben madurar calibr\u00e1ndose con los est\u00edmulos del ambiente exterior. El primer sentido que el feto desarrolla en el vientre materno es el del tacto. [&hellip;]"}